{"version":"1.0","provider_name":"H\u00edrhangya","provider_url":"https:\/\/hirhangya.hu","author_name":"Nemes Gabor","author_url":"https:\/\/hirhangya.hu\/index.php\/author\/hex324\/","title":"Orb\u00e1n k\u00fclf\u00f6ldi influenszerei: Tess\u00e9k, igenis demokr\u00e1cia!","type":"rich","width":600,"height":338,"html":"<blockquote class=\"wp-embedded-content\" data-secret=\"i132kDe0KK\"><a href=\"https:\/\/hirhangya.hu\/index.php\/2026\/04\/13\/orban-kulfoldi-influenszerei-tessek-igenis-demokracia\/\">Orb\u00e1n k\u00fclf\u00f6ldi influenszerei: Tess\u00e9k, igenis demokr\u00e1cia!<\/a><\/blockquote><iframe sandbox=\"allow-scripts\" security=\"restricted\" src=\"https:\/\/hirhangya.hu\/index.php\/2026\/04\/13\/orban-kulfoldi-influenszerei-tessek-igenis-demokracia\/embed\/#?secret=i132kDe0KK\" width=\"600\" height=\"338\" title=\"&#8220;Orb\u00e1n k\u00fclf\u00f6ldi influenszerei: Tess\u00e9k, igenis demokr\u00e1cia!&#8221; &#8212; H\u00edrhangya\" data-secret=\"i132kDe0KK\" frameborder=\"0\" marginwidth=\"0\" marginheight=\"0\" scrolling=\"no\" class=\"wp-embedded-content\"><\/iframe><script>\n\/*! This file is auto-generated *\/\n!function(d,l){\"use strict\";l.querySelector&&d.addEventListener&&\"undefined\"!=typeof URL&&(d.wp=d.wp||{},d.wp.receiveEmbedMessage||(d.wp.receiveEmbedMessage=function(e){var t=e.data;if((t||t.secret||t.message||t.value)&&!\/[^a-zA-Z0-9]\/.test(t.secret)){for(var s,r,n,a=l.querySelectorAll('iframe[data-secret=\"'+t.secret+'\"]'),o=l.querySelectorAll('blockquote[data-secret=\"'+t.secret+'\"]'),c=new RegExp(\"^https?:$\",\"i\"),i=0;i<o.length;i++)o[i].style.display=\"none\";for(i=0;i<a.length;i++)s=a[i],e.source===s.contentWindow&&(s.removeAttribute(\"style\"),\"height\"===t.message?(1e3<(r=parseInt(t.value,10))?r=1e3:~~r<200&&(r=200),s.height=r):\"link\"===t.message&&(r=new URL(s.getAttribute(\"src\")),n=new URL(t.value),c.test(n.protocol))&&n.host===r.host&&l.activeElement===s&&(d.top.location.href=t.value))}},d.addEventListener(\"message\",d.wp.receiveEmbedMessage,!1),l.addEventListener(\"DOMContentLoaded\",function(){for(var e,t,s=l.querySelectorAll(\"iframe.wp-embedded-content\"),r=0;r<s.length;r++)(t=(e=s[r]).getAttribute(\"data-secret\"))||(t=Math.random().toString(36).substring(2,12),e.src+=\"#?secret=\"+t,e.setAttribute(\"data-secret\",t)),e.contentWindow.postMessage({message:\"ready\",secret:t},\"*\")},!1)))}(window,document);\n\/\/# sourceURL=https:\/\/hirhangya.hu\/wp-includes\/js\/wp-embed.min.js\n<\/script>\n","thumbnail_url":"https:\/\/hirhangya.hu\/wp-content\/uploads\/2026\/04\/7ss6swelZ4bhwCcms-0kvE3d-768x512.jpg","thumbnail_width":600,"thumbnail_height":400,"description":"Amint vas\u00e1rnap este kider\u00fclt a v\u00e1laszt\u00e1s eredm\u00e9nye, aktiviz\u00e1l\u00f3dtak azok a k\u00fclf\u00f6ldi influenszerek \u00e9s v\u00e9lem\u00e9nyvez\u00e9rek, akiket az Orb\u00e1n-korm\u00e1ny 2010\u201326 k\u00f6z\u00f6tt mag\u00e1hoz \u00e9desgetett: r\u00e9szben Magyarorsz\u00e1gon \u00e9lnek, zs\u00edros \u00e1ll\u00e1sokat \u00e9s ad\u00f3fizet\u0151i milli\u00e1rdokb\u00f3l fenntartott think tankokat, konferenci\u00e1kat kapnak, \u00e9s az \u00e9rtelmis\u00e9gi l\u00e9t k\u00fcls\u0151s\u00e9geivel vannak k\u00f6r\u00fclv\u00e9ve, \u00e9s most hasonl\u00f3 magyar\u00e1zatokkal reag\u00e1lnak az esem\u00e9nyekre, mintha el\u0151re egyeztetett volna vel\u00fck valaki. A [&hellip;]"}